{"id":1355,"date":"2024-05-20T20:27:20","date_gmt":"2024-05-20T18:27:20","guid":{"rendered":"https:\/\/partenercollective.com\/?post_type=product&#038;p=1355"},"modified":"2024-11-06T12:07:02","modified_gmt":"2024-11-06T11:07:02","slug":"nuno-gil-2","status":"publish","type":"product","link":"https:\/\/partenercollective.com\/en\/profesionales\/coach\/nuno-gil-2\/","title":{"rendered":"Nuno Gil"},"content":{"rendered":"<blockquote>\n<p style=\"text-align: left;\">\n<\/blockquote>","protected":false},"excerpt":{"rendered":"<p>Nuno Gil is an outstanding Portuguese actor and director, recognized for his versatility in theater, film and television. Trained at the Escola Superior de Teatro e Cinema de Lisboa, he has developed a solid career that has led him to participate in important productions both in Portugal and internationally. As a director, he has staged innovative productions, standing out for his approach that combines respect for tradition with a contemporary vision. His productions have been critically acclaimed and have toured theater festivals in Europe.<\/p>\n<p>In the cinematographic field, Nuno has been featured in films such as \"<strong>War Letters<\/strong>\" y \"<strong>Cinzento and Black<\/strong>\"which have been screened at renowned festivals, such as the <strong>Berlin Film Festival<\/strong> and the <strong>San Sebastian Film Festival<\/strong>. In addition, he has participated in successful television series such as \".<strong>Tell Me How It Happened<\/strong>\"He has consolidated his position as one of the most versatile figures in the Portuguese audiovisual media.<\/p>\n<p>Throughout his career, he has received several awards, among them:<\/p>\n<ul>\n<li><strong>Globo de Ouro Award 2017<\/strong> for Best Theater Actor for \"A Morte de um Caixeiro Viajante\".<\/li>\n<li><strong>SPA (Sociedade Portuguesa de Autores) Award 2018.<\/strong> for Best Actor for \"Cartas da Guerra\".<\/li>\n<li><strong>Sophia Award 2019<\/strong> for Best Supporting Actor for \"Cinzento e Negro\".<\/li>\n<\/ul>\n<p>With a career marked by excellence in various disciplines and media, Nuno Gil has consolidated his place as one of the most influential and respected figures in Portuguese theater and cinema, always committed to the search for new forms of artistic expression.<\/p>","protected":false},"featured_media":1447,"comment_status":"closed","ping_status":"closed","template":"","meta":[],"product_brand":[],"product_cat":[20],"product_tag":[],"idioma":[43],"class_list":{"0":"post-1355","1":"product","2":"type-product","3":"status-publish","4":"has-post-thumbnail","6":"product_cat-coach","7":"idioma-espanol-castellano","9":"first","10":"instock","11":"virtual","12":"sold-individually","13":"taxable","14":"purchasable","15":"product-type-booking"},"yoast_head":"<!-- This site is optimized with the Yoast SEO plugin v27.5 - https:\/\/yoast.com\/product\/yoast-seo-wordpress\/ -->\n<title>Nuno Gil - Partener Collective<\/title>\n<meta name=\"robots\" content=\"index, follow, max-snippet:-1, max-image-preview:large, max-video-preview:-1\" \/>\n<link rel=\"canonical\" href=\"https:\/\/partenercollective.com\/en\/professionals\/coach\/nuno-gil-2\/\" \/>\n<meta property=\"og:locale\" content=\"en_US\" \/>\n<meta property=\"og:type\" content=\"article\" \/>\n<meta property=\"og:title\" content=\"Nuno Gil - Partener Collective\" \/>\n<meta property=\"og:description\" content=\"Nuno Gil es un destacado actor y director portugu\u00e9s, reconocido por su versatilidad en teatro, cine y televisi\u00f3n. Formado en la Escuela Superior de Teatro y Cine de Lisboa, ha desarrollado una carrera s\u00f3lida que lo ha llevado a participar en importantes producciones tanto en Portugal como a nivel internacional. Como director, ha llevado a escena producciones innovadoras, destacando por su enfoque que combina el respeto por la tradici\u00f3n con una visi\u00f3n contempor\u00e1nea. Sus montajes han sido aclamados por la cr\u00edtica y han recorrido festivales de teatro en Europa.  En el \u00e1mbito cinematogr\u00e1fico, Nuno ha destacado en pel\u00edculas como &quot;Cartas da Guerra&quot; y &quot;Cinzento e Negro&quot;, las cuales han sido proyectadas en festivales de renombre como el Festival de Cine de Berl\u00edn y el Festival de Cine de San Sebasti\u00e1n. Adem\u00e1s, ha participado en exitosas series de televisi\u00f3n como &quot;Conta-me Como Foi&quot;, consolid\u00e1ndose como una de las figuras m\u00e1s vers\u00e1tiles del medio audiovisual portugu\u00e9s.  A lo largo de su carrera, ha sido galardonado con varios premios, entre los que destacan:   Premio Globo de Ouro 2017 al Mejor Actor de Teatro por &quot;A Morte de um Caixeiro Viajante&quot;.  Premio SPA (Sociedade Portuguesa de Autores) 2018 a Mejor Actor por &quot;Cartas da Guerra&quot;.  Premio Sophia 2019 a Mejor Actor Secundario por &quot;Cinzento e Negro&quot;.  Con una carrera marcada por la excelencia en diversas disciplinas y medios, Nuno Gil ha consolidado su lugar como una de las figuras m\u00e1s influyentes y respetadas del teatro y cine portugu\u00e9s, siempre comprometido con la b\u00fasqueda de nuevas formas de expresi\u00f3n art\u00edstica.\" \/>\n<meta property=\"og:url\" content=\"https:\/\/partenercollective.com\/en\/professionals\/coach\/nuno-gil-2\/\" \/>\n<meta property=\"og:site_name\" content=\"Partener Collective\" \/>\n<meta property=\"article:modified_time\" content=\"2024-11-06T11:07:02+00:00\" \/>\n<meta property=\"og:image\" content=\"https:\/\/partenercollective.com\/wp-content\/uploads\/2024\/09\/nuno-gil-coach-y-partener.jpg\" \/>\n\t<meta property=\"og:image:width\" content=\"828\" \/>\n\t<meta property=\"og:image:height\" content=\"828\" \/>\n\t<meta property=\"og:image:type\" content=\"image\/jpeg\" \/>\n<meta name=\"twitter:card\" content=\"summary_large_image\" \/>\n<script type=\"application\/ld+json\" class=\"yoast-schema-graph\">{\"@context\":\"https:\\\/\\\/schema.org\",\"@graph\":[{\"@type\":\"WebPage\",\"@id\":\"https:\\\/\\\/partenercollective.com\\\/profesionales\\\/coach\\\/nuno-gil-2\\\/\",\"url\":\"https:\\\/\\\/partenercollective.com\\\/profesionales\\\/coach\\\/nuno-gil-2\\\/\",\"name\":\"Nuno Gil - Partener Collective\",\"isPartOf\":{\"@id\":\"https:\\\/\\\/partenercollective.com\\\/#website\"},\"primaryImageOfPage\":{\"@id\":\"https:\\\/\\\/partenercollective.com\\\/profesionales\\\/coach\\\/nuno-gil-2\\\/#primaryimage\"},\"image\":{\"@id\":\"https:\\\/\\\/partenercollective.com\\\/profesionales\\\/coach\\\/nuno-gil-2\\\/#primaryimage\"},\"thumbnailUrl\":\"https:\\\/\\\/partenercollective.com\\\/wp-content\\\/uploads\\\/2024\\\/09\\\/nuno-gil-coach-y-partener.jpg\",\"datePublished\":\"2024-05-20T18:27:20+00:00\",\"dateModified\":\"2024-11-06T11:07:02+00:00\",\"breadcrumb\":{\"@id\":\"https:\\\/\\\/partenercollective.com\\\/profesionales\\\/coach\\\/nuno-gil-2\\\/#breadcrumb\"},\"inLanguage\":\"en-US\",\"potentialAction\":[{\"@type\":\"ReadAction\",\"target\":[\"https:\\\/\\\/partenercollective.com\\\/profesionales\\\/coach\\\/nuno-gil-2\\\/\"]}]},{\"@type\":\"ImageObject\",\"inLanguage\":\"en-US\",\"@id\":\"https:\\\/\\\/partenercollective.com\\\/profesionales\\\/coach\\\/nuno-gil-2\\\/#primaryimage\",\"url\":\"https:\\\/\\\/partenercollective.com\\\/wp-content\\\/uploads\\\/2024\\\/09\\\/nuno-gil-coach-y-partener.jpg\",\"contentUrl\":\"https:\\\/\\\/partenercollective.com\\\/wp-content\\\/uploads\\\/2024\\\/09\\\/nuno-gil-coach-y-partener.jpg\",\"width\":828,\"height\":828,\"caption\":\"Nuno Gil\"},{\"@type\":\"BreadcrumbList\",\"@id\":\"https:\\\/\\\/partenercollective.com\\\/profesionales\\\/coach\\\/nuno-gil-2\\\/#breadcrumb\",\"itemListElement\":[{\"@type\":\"ListItem\",\"position\":1,\"name\":\"Portada\",\"item\":\"https:\\\/\\\/partenercollective.com\\\/\"},{\"@type\":\"ListItem\",\"position\":2,\"name\":\"Profesionales\",\"item\":\"https:\\\/\\\/partenercollective.com\\\/profesionales\\\/\"},{\"@type\":\"ListItem\",\"position\":3,\"name\":\"Nuno Gil\"}]},{\"@type\":\"WebSite\",\"@id\":\"https:\\\/\\\/partenercollective.com\\\/#website\",\"url\":\"https:\\\/\\\/partenercollective.com\\\/\",\"name\":\"Partener Collective\",\"description\":\"Conecta con una Comunidad Internacional de Actores y Coach para llevar tus escenas, personajes y self-tapes al siguiente nivel.\",\"publisher\":{\"@id\":\"https:\\\/\\\/partenercollective.com\\\/#organization\"},\"alternateName\":\"Partener Collective\",\"potentialAction\":[{\"@type\":\"SearchAction\",\"target\":{\"@type\":\"EntryPoint\",\"urlTemplate\":\"https:\\\/\\\/partenercollective.com\\\/?s={search_term_string}\"},\"query-input\":{\"@type\":\"PropertyValueSpecification\",\"valueRequired\":true,\"valueName\":\"search_term_string\"}}],\"inLanguage\":\"en-US\"},{\"@type\":\"Organization\",\"@id\":\"https:\\\/\\\/partenercollective.com\\\/#organization\",\"name\":\"Partener Collective\",\"alternateName\":\"Partener Collective\",\"url\":\"https:\\\/\\\/partenercollective.com\\\/\",\"logo\":{\"@type\":\"ImageObject\",\"inLanguage\":\"en-US\",\"@id\":\"https:\\\/\\\/partenercollective.com\\\/#\\\/schema\\\/logo\\\/image\\\/\",\"url\":\"https:\\\/\\\/partenercollective.com\\\/wp-content\\\/uploads\\\/2024\\\/04\\\/partener-collective-logo.png\",\"contentUrl\":\"https:\\\/\\\/partenercollective.com\\\/wp-content\\\/uploads\\\/2024\\\/04\\\/partener-collective-logo.png\",\"width\":2156,\"height\":604,\"caption\":\"Partener Collective\"},\"image\":{\"@id\":\"https:\\\/\\\/partenercollective.com\\\/#\\\/schema\\\/logo\\\/image\\\/\"},\"sameAs\":[\"https:\\\/\\\/www.instagram.com\\\/partenercollective\\\/\"]}]}<\/script>\n<!-- \/ Yoast SEO plugin. -->","yoast_head_json":{"title":"Nuno Gil - Partener Collective","robots":{"index":"index","follow":"follow","max-snippet":"max-snippet:-1","max-image-preview":"max-image-preview:large","max-video-preview":"max-video-preview:-1"},"canonical":"https:\/\/partenercollective.com\/en\/professionals\/coach\/nuno-gil-2\/","og_locale":"en_US","og_type":"article","og_title":"Nuno Gil - Partener Collective","og_description":"Nuno Gil es un destacado actor y director portugu\u00e9s, reconocido por su versatilidad en teatro, cine y televisi\u00f3n. Formado en la Escuela Superior de Teatro y Cine de Lisboa, ha desarrollado una carrera s\u00f3lida que lo ha llevado a participar en importantes producciones tanto en Portugal como a nivel internacional. Como director, ha llevado a escena producciones innovadoras, destacando por su enfoque que combina el respeto por la tradici\u00f3n con una visi\u00f3n contempor\u00e1nea. Sus montajes han sido aclamados por la cr\u00edtica y han recorrido festivales de teatro en Europa.  En el \u00e1mbito cinematogr\u00e1fico, Nuno ha destacado en pel\u00edculas como \"Cartas da Guerra\" y \"Cinzento e Negro\", las cuales han sido proyectadas en festivales de renombre como el Festival de Cine de Berl\u00edn y el Festival de Cine de San Sebasti\u00e1n. Adem\u00e1s, ha participado en exitosas series de televisi\u00f3n como \"Conta-me Como Foi\", consolid\u00e1ndose como una de las figuras m\u00e1s vers\u00e1tiles del medio audiovisual portugu\u00e9s.  A lo largo de su carrera, ha sido galardonado con varios premios, entre los que destacan:   Premio Globo de Ouro 2017 al Mejor Actor de Teatro por \"A Morte de um Caixeiro Viajante\".  Premio SPA (Sociedade Portuguesa de Autores) 2018 a Mejor Actor por \"Cartas da Guerra\".  Premio Sophia 2019 a Mejor Actor Secundario por \"Cinzento e Negro\".  Con una carrera marcada por la excelencia en diversas disciplinas y medios, Nuno Gil ha consolidado su lugar como una de las figuras m\u00e1s influyentes y respetadas del teatro y cine portugu\u00e9s, siempre comprometido con la b\u00fasqueda de nuevas formas de expresi\u00f3n art\u00edstica.","og_url":"https:\/\/partenercollective.com\/en\/professionals\/coach\/nuno-gil-2\/","og_site_name":"Partener Collective","article_modified_time":"2024-11-06T11:07:02+00:00","og_image":[{"width":828,"height":828,"url":"https:\/\/partenercollective.com\/wp-content\/uploads\/2024\/09\/nuno-gil-coach-y-partener.jpg","type":"image\/jpeg"}],"twitter_card":"summary_large_image","schema":{"@context":"https:\/\/schema.org","@graph":[{"@type":"WebPage","@id":"https:\/\/partenercollective.com\/profesionales\/coach\/nuno-gil-2\/","url":"https:\/\/partenercollective.com\/profesionales\/coach\/nuno-gil-2\/","name":"Nuno Gil - Partener Collective","isPartOf":{"@id":"https:\/\/partenercollective.com\/#website"},"primaryImageOfPage":{"@id":"https:\/\/partenercollective.com\/profesionales\/coach\/nuno-gil-2\/#primaryimage"},"image":{"@id":"https:\/\/partenercollective.com\/profesionales\/coach\/nuno-gil-2\/#primaryimage"},"thumbnailUrl":"https:\/\/partenercollective.com\/wp-content\/uploads\/2024\/09\/nuno-gil-coach-y-partener.jpg","datePublished":"2024-05-20T18:27:20+00:00","dateModified":"2024-11-06T11:07:02+00:00","breadcrumb":{"@id":"https:\/\/partenercollective.com\/profesionales\/coach\/nuno-gil-2\/#breadcrumb"},"inLanguage":"en-US","potentialAction":[{"@type":"ReadAction","target":["https:\/\/partenercollective.com\/profesionales\/coach\/nuno-gil-2\/"]}]},{"@type":"ImageObject","inLanguage":"en-US","@id":"https:\/\/partenercollective.com\/profesionales\/coach\/nuno-gil-2\/#primaryimage","url":"https:\/\/partenercollective.com\/wp-content\/uploads\/2024\/09\/nuno-gil-coach-y-partener.jpg","contentUrl":"https:\/\/partenercollective.com\/wp-content\/uploads\/2024\/09\/nuno-gil-coach-y-partener.jpg","width":828,"height":828,"caption":"Nuno Gil"},{"@type":"BreadcrumbList","@id":"https:\/\/partenercollective.com\/profesionales\/coach\/nuno-gil-2\/#breadcrumb","itemListElement":[{"@type":"ListItem","position":1,"name":"Portada","item":"https:\/\/partenercollective.com\/"},{"@type":"ListItem","position":2,"name":"Profesionales","item":"https:\/\/partenercollective.com\/profesionales\/"},{"@type":"ListItem","position":3,"name":"Nuno Gil"}]},{"@type":"WebSite","@id":"https:\/\/partenercollective.com\/#website","url":"https:\/\/partenercollective.com\/","name":"Partener Collective","description":"Connect with an International Community of Actors and Coaches to take your scenes, characters and self-tapes to the next level.","publisher":{"@id":"https:\/\/partenercollective.com\/#organization"},"alternateName":"Partener Collective","potentialAction":[{"@type":"SearchAction","target":{"@type":"EntryPoint","urlTemplate":"https:\/\/partenercollective.com\/?s={search_term_string}"},"query-input":{"@type":"PropertyValueSpecification","valueRequired":true,"valueName":"search_term_string"}}],"inLanguage":"en-US"},{"@type":"Organization","@id":"https:\/\/partenercollective.com\/#organization","name":"Partener Collective","alternateName":"Partener Collective","url":"https:\/\/partenercollective.com\/","logo":{"@type":"ImageObject","inLanguage":"en-US","@id":"https:\/\/partenercollective.com\/#\/schema\/logo\/image\/","url":"https:\/\/partenercollective.com\/wp-content\/uploads\/2024\/04\/partener-collective-logo.png","contentUrl":"https:\/\/partenercollective.com\/wp-content\/uploads\/2024\/04\/partener-collective-logo.png","width":2156,"height":604,"caption":"Partener Collective"},"image":{"@id":"https:\/\/partenercollective.com\/#\/schema\/logo\/image\/"},"sameAs":["https:\/\/www.instagram.com\/partenercollective\/"]}]}},"_links":{"self":[{"href":"https:\/\/partenercollective.com\/en\/wp-json\/wp\/v2\/product\/1355","targetHints":{"allow":["GET"]}}],"collection":[{"href":"https:\/\/partenercollective.com\/en\/wp-json\/wp\/v2\/product"}],"about":[{"href":"https:\/\/partenercollective.com\/en\/wp-json\/wp\/v2\/types\/product"}],"replies":[{"embeddable":true,"href":"https:\/\/partenercollective.com\/en\/wp-json\/wp\/v2\/comments?post=1355"}],"wp:featuredmedia":[{"embeddable":true,"href":"https:\/\/partenercollective.com\/en\/wp-json\/wp\/v2\/media\/1447"}],"wp:attachment":[{"href":"https:\/\/partenercollective.com\/en\/wp-json\/wp\/v2\/media?parent=1355"}],"wp:term":[{"taxonomy":"product_brand","embeddable":true,"href":"https:\/\/partenercollective.com\/en\/wp-json\/wp\/v2\/product_brand?post=1355"},{"taxonomy":"product_cat","embeddable":true,"href":"https:\/\/partenercollective.com\/en\/wp-json\/wp\/v2\/product_cat?post=1355"},{"taxonomy":"product_tag","embeddable":true,"href":"https:\/\/partenercollective.com\/en\/wp-json\/wp\/v2\/product_tag?post=1355"},{"taxonomy":"idioma","embeddable":true,"href":"https:\/\/partenercollective.com\/en\/wp-json\/wp\/v2\/idioma?post=1355"}],"curies":[{"name":"wp","href":"https:\/\/api.w.org\/{rel}","templated":true}]}}