{"id":622,"date":"2024-05-18T11:54:42","date_gmt":"2024-05-18T09:54:42","guid":{"rendered":"https:\/\/partenercollective.com\/?post_type=product&#038;p=622"},"modified":"2025-06-27T16:16:45","modified_gmt":"2025-06-27T14:16:45","slug":"medina-snow","status":"publish","type":"product","link":"https:\/\/partenercollective.com\/en\/profesionales\/coach\/nieve-de-medina\/","title":{"rendered":"Medina Snow"},"content":{"rendered":"","protected":false},"excerpt":{"rendered":"<p class=\"p1\"><span class=\"s1\">Actress trained at El Laboratorio Teatral de W.Layton completes her training as a graduate in Stage Direction at Resad.<\/span><\/p>\n<p class=\"p1\"><span class=\"s1\">Latest Works:<\/span><\/p>\n<p class=\"p1\"><span class=\"s1\"><b>Theater<\/b>Carmi\u00f1a\" monologue for Teatro del Barrio about the life of Carmen Mart\u00edn Gaite. \"Consentimiento\" by Nina Raine for the CDN, \"Modelos Animales\" directed by Pablo Iglesias Sim\u00f3n, for Cuarta Pared. \"Hamlet\" (Juan Diego Botto) \"La Tierra\" by Javier Yag\u00fce.<\/span><\/p>\n<p class=\"p1\"><span class=\"s1\"><b>Movies: \"<\/b>El Agua\" by Elena L\u00f3pez Riera premiered at Cannes, \"La Madre\" by Alberto Morais, \"El Agua\" by Elena L\u00f3pez Riera premiered at Cannes, \"<i>2 francs, 40 pesetas<\/i>\u00a0\"y \"<i>1 franc, 14 pesetas\".<\/i>\u00a0by Carlos Iglesias, \"<i>Avant l'oubli<\/i>\"by Agustin Burger, \"<i>Mondays in the Sun\".<\/i>\u00a0by Fernando L. De Aranoa, \"<i>The Ball\"<\/i>\u00a0by Achero Ma\u00f1as.\u00a0<\/span><\/p>\n<p class=\"p1\"><span class=\"s1\"><b>Television.\u00a0<\/b>He participates in series such as:<span class=\"Apple-converted-space\">\u00a0 <\/span>\"Dias Mejores\", (Arantxa Echevarr\u00eda) \"Vestidas de Azul\",<span class=\"Apple-converted-space\">\u00a0 <\/span>(Claudia Costafreda\/ The<span class=\"Apple-converted-space\">\u00a0 <\/span>Javis) \"El Ministerio del tiempo\", \"Brigada Costa del Sol\", \"A 45 rpm\", \"Cu\u00e9ntame\" among many others. <\/span><\/p>\n<p class=\"p1\"><span class=\"s1\">Like\u00a0<b>author: <\/b>He has premiered at Los Teatros del Canal \"Finados y Confinados\". At the Teatro Lara \"Ni con el p\u00e9talo de una rosa\". He has produced and directed<b>o<\/b>\u00a0the documentary \"Por si te vas te quedas\". His second documentary \"Normalidad2020\" will be released in January 2024. He has written several short stories, screenplays and some plays yet to be released.<\/span><\/p>\n<p class=\"p1\"><span class=\"s1\">In 2003, with the film; \"<i>Mondays in the Sun\".<\/i>She was nominated for Best New Actress at the Goya Awards. She was nominated for the Bafta Awards. Winner of two Actors Union Awards as supporting actress and revelation. Winner of the Best Supporting Actress Award at the CEC Awards, among others.<\/span><\/p>\n<p class=\"p1\"><span class=\"s1\">She is a short film enthusiast and has some fifteen short films on her cv for which she has been recognized with<span class=\"Apple-converted-space\">\u00a0 <\/span>awards.<\/span><\/p>","protected":false},"featured_media":439,"comment_status":"closed","ping_status":"closed","template":"","meta":[],"product_brand":[],"product_cat":[20],"product_tag":[],"idioma":[43],"class_list":{"0":"post-622","1":"product","2":"type-product","3":"status-publish","4":"has-post-thumbnail","6":"product_cat-coach","7":"idioma-espanol-castellano","9":"first","10":"instock","11":"virtual","12":"sold-individually","13":"taxable","14":"purchasable","15":"product-type-booking"},"yoast_head":"<!-- This site is optimized with the Yoast SEO plugin v27.5 - https:\/\/yoast.com\/product\/yoast-seo-wordpress\/ -->\n<title>Nieve de Medina - Partener Collective<\/title>\n<meta name=\"robots\" content=\"index, follow, max-snippet:-1, max-image-preview:large, max-video-preview:-1\" \/>\n<link rel=\"canonical\" href=\"https:\/\/partenercollective.com\/en\/professionals\/coach\/medina-snow\/\" \/>\n<meta property=\"og:locale\" content=\"en_US\" \/>\n<meta property=\"og:type\" content=\"article\" \/>\n<meta property=\"og:title\" content=\"Nieve de Medina - Partener Collective\" \/>\n<meta property=\"og:description\" content=\"Actriz formada en El Laboratorio Teatral de W.Layton completa su formaci\u00f3n como titulada superior en Direcci\u00f3n de escena por la\u00a0Resad. \u00daltimos Trabajos: Teatro: \u201cCarmi\u00f1a\u201d mon\u00f3logo para el Teatro del Barrio sobre la\u00a0vida de Carmen Mart\u00edn Gaite. \u201cConsentimiento\u201d de Nina Raine para el CDN, \u201cModelos Animales\u201d dirigido por Pablo Iglesias Sim\u00f3n, para Cuarta Pared. \u201cHamlet\u201d (Juan Diego Botto) \u201cLa Tierra\u201d de Javier Yag\u00fce. Cine: \u201cEl Agua\u201d de Elena L\u00f3pez Riera estrenada en Cannes, \u201cLa Madre\u201d de Alberto Morais,\u00a0\u201c2 francos, 40 pesetas\u00a0\u201cy\u00a0\u201c1 franco, 14 pesetas\u201d\u00a0de Carlos Iglesias,\u00a0\u201cAvant l\u00b4oubli\u201c de Agustin Burger, \u00a0\u201cLos lunes al sol\u201d\u00a0de Fernando L. De Aranoa,\u00a0\u201cEl Bola\u201d\u00a0de Achero Ma\u00f1as.\u00a0 Televisi\u00f3n.\u00a0Participa en series como:\u00a0 \u201cDias Mejores\u201d, (Arantxa Echevarr\u00eda) \u201cVestidas de Azul\u201d,\u00a0 (Claudia Costafreda\/ Los\u00a0 Javis) \u201cEl Ministerio del tiempo\u201d, \u201cBrigada Costa del Sol\u201d, \u201cA 45 rpm\u201d, \u201cCu\u00e9ntame\u201d entre otras muchas.  Como\u00a0autora: Ha estrenado en Los Teatros del Canal \u201dFinados y Confinados\u201d. En el Teatro Lara \u201cNi con el p\u00e9talo de una rosa\u201d\u00a0. Ha producido y dirigido\u00a0el documental \u201cPor si te vas te quedas\u201d. Su segundo documental \u201cNormalidad2020\u201d se estrenar\u00e1 en Enero 2024. Tiene varios cuentos escritos, guiones y alguna obra de teatro sin estrenar. En 2003, con la pel\u00edcula;\u00a0\u201cLos lunes al sol\u201d, obtuvo la nominaci\u00f3n a mejor actriz revelaci\u00f3n en los Premios Goya. Fue nominada a los premios Bafta. Ganadora de dos Premios Uni\u00f3n de Actores como actriz secundaria y revelaci\u00f3n.\u00a0Ganadora del Premio Mejor Actriz Secundaria Premios CEC. entre otros. Es una entusiasta del cortometraje tiene unos quince en su cv por los que ha sido reconocida con\u00a0 premios.\" \/>\n<meta property=\"og:url\" content=\"https:\/\/partenercollective.com\/en\/professionals\/coach\/medina-snow\/\" \/>\n<meta property=\"og:site_name\" content=\"Partener Collective\" \/>\n<meta property=\"article:modified_time\" content=\"2025-06-27T14:16:45+00:00\" \/>\n<meta property=\"og:image\" content=\"https:\/\/partenercollective.com\/wp-content\/uploads\/2024\/04\/foto-nieve.jpg\" \/>\n\t<meta property=\"og:image:width\" content=\"800\" \/>\n\t<meta property=\"og:image:height\" content=\"800\" \/>\n\t<meta property=\"og:image:type\" content=\"image\/jpeg\" \/>\n<meta name=\"twitter:card\" content=\"summary_large_image\" \/>\n<meta name=\"twitter:label1\" content=\"Est. reading time\" \/>\n\t<meta name=\"twitter:data1\" content=\"1 minute\" \/>\n<script type=\"application\/ld+json\" class=\"yoast-schema-graph\">{\"@context\":\"https:\\\/\\\/schema.org\",\"@graph\":[{\"@type\":\"WebPage\",\"@id\":\"https:\\\/\\\/partenercollective.com\\\/profesionales\\\/coach\\\/nieve-de-medina\\\/\",\"url\":\"https:\\\/\\\/partenercollective.com\\\/profesionales\\\/coach\\\/nieve-de-medina\\\/\",\"name\":\"Nieve de Medina - Partener Collective\",\"isPartOf\":{\"@id\":\"https:\\\/\\\/partenercollective.com\\\/#website\"},\"primaryImageOfPage\":{\"@id\":\"https:\\\/\\\/partenercollective.com\\\/profesionales\\\/coach\\\/nieve-de-medina\\\/#primaryimage\"},\"image\":{\"@id\":\"https:\\\/\\\/partenercollective.com\\\/profesionales\\\/coach\\\/nieve-de-medina\\\/#primaryimage\"},\"thumbnailUrl\":\"https:\\\/\\\/partenercollective.com\\\/wp-content\\\/uploads\\\/2024\\\/04\\\/foto-nieve.jpg\",\"datePublished\":\"2024-05-18T09:54:42+00:00\",\"dateModified\":\"2025-06-27T14:16:45+00:00\",\"breadcrumb\":{\"@id\":\"https:\\\/\\\/partenercollective.com\\\/profesionales\\\/coach\\\/nieve-de-medina\\\/#breadcrumb\"},\"inLanguage\":\"en-US\",\"potentialAction\":[{\"@type\":\"ReadAction\",\"target\":[\"https:\\\/\\\/partenercollective.com\\\/profesionales\\\/coach\\\/nieve-de-medina\\\/\"]}]},{\"@type\":\"ImageObject\",\"inLanguage\":\"en-US\",\"@id\":\"https:\\\/\\\/partenercollective.com\\\/profesionales\\\/coach\\\/nieve-de-medina\\\/#primaryimage\",\"url\":\"https:\\\/\\\/partenercollective.com\\\/wp-content\\\/uploads\\\/2024\\\/04\\\/foto-nieve.jpg\",\"contentUrl\":\"https:\\\/\\\/partenercollective.com\\\/wp-content\\\/uploads\\\/2024\\\/04\\\/foto-nieve.jpg\",\"width\":800,\"height\":800,\"caption\":\"Nieve de Medina\"},{\"@type\":\"BreadcrumbList\",\"@id\":\"https:\\\/\\\/partenercollective.com\\\/profesionales\\\/coach\\\/nieve-de-medina\\\/#breadcrumb\",\"itemListElement\":[{\"@type\":\"ListItem\",\"position\":1,\"name\":\"Portada\",\"item\":\"https:\\\/\\\/partenercollective.com\\\/\"},{\"@type\":\"ListItem\",\"position\":2,\"name\":\"Profesionales\",\"item\":\"https:\\\/\\\/partenercollective.com\\\/profesionales\\\/\"},{\"@type\":\"ListItem\",\"position\":3,\"name\":\"Nieve de Medina\"}]},{\"@type\":\"WebSite\",\"@id\":\"https:\\\/\\\/partenercollective.com\\\/#website\",\"url\":\"https:\\\/\\\/partenercollective.com\\\/\",\"name\":\"Partener Collective\",\"description\":\"Conecta con una Comunidad Internacional de Actores y Coach para llevar tus escenas, personajes y self-tapes al siguiente nivel.\",\"publisher\":{\"@id\":\"https:\\\/\\\/partenercollective.com\\\/#organization\"},\"alternateName\":\"Partener Collective\",\"potentialAction\":[{\"@type\":\"SearchAction\",\"target\":{\"@type\":\"EntryPoint\",\"urlTemplate\":\"https:\\\/\\\/partenercollective.com\\\/?s={search_term_string}\"},\"query-input\":{\"@type\":\"PropertyValueSpecification\",\"valueRequired\":true,\"valueName\":\"search_term_string\"}}],\"inLanguage\":\"en-US\"},{\"@type\":\"Organization\",\"@id\":\"https:\\\/\\\/partenercollective.com\\\/#organization\",\"name\":\"Partener Collective\",\"alternateName\":\"Partener Collective\",\"url\":\"https:\\\/\\\/partenercollective.com\\\/\",\"logo\":{\"@type\":\"ImageObject\",\"inLanguage\":\"en-US\",\"@id\":\"https:\\\/\\\/partenercollective.com\\\/#\\\/schema\\\/logo\\\/image\\\/\",\"url\":\"https:\\\/\\\/partenercollective.com\\\/wp-content\\\/uploads\\\/2024\\\/04\\\/partener-collective-logo.png\",\"contentUrl\":\"https:\\\/\\\/partenercollective.com\\\/wp-content\\\/uploads\\\/2024\\\/04\\\/partener-collective-logo.png\",\"width\":2156,\"height\":604,\"caption\":\"Partener Collective\"},\"image\":{\"@id\":\"https:\\\/\\\/partenercollective.com\\\/#\\\/schema\\\/logo\\\/image\\\/\"},\"sameAs\":[\"https:\\\/\\\/www.instagram.com\\\/partenercollective\\\/\"]}]}<\/script>\n<!-- \/ Yoast SEO plugin. -->","yoast_head_json":{"title":"Medina Snow - Partener Collective","robots":{"index":"index","follow":"follow","max-snippet":"max-snippet:-1","max-image-preview":"max-image-preview:large","max-video-preview":"max-video-preview:-1"},"canonical":"https:\/\/partenercollective.com\/en\/professionals\/coach\/medina-snow\/","og_locale":"en_US","og_type":"article","og_title":"Nieve de Medina - Partener Collective","og_description":"Actriz formada en El Laboratorio Teatral de W.Layton completa su formaci\u00f3n como titulada superior en Direcci\u00f3n de escena por la\u00a0Resad. \u00daltimos Trabajos: Teatro: \u201cCarmi\u00f1a\u201d mon\u00f3logo para el Teatro del Barrio sobre la\u00a0vida de Carmen Mart\u00edn Gaite. \u201cConsentimiento\u201d de Nina Raine para el CDN, \u201cModelos Animales\u201d dirigido por Pablo Iglesias Sim\u00f3n, para Cuarta Pared. \u201cHamlet\u201d (Juan Diego Botto) \u201cLa Tierra\u201d de Javier Yag\u00fce. Cine: \u201cEl Agua\u201d de Elena L\u00f3pez Riera estrenada en Cannes, \u201cLa Madre\u201d de Alberto Morais,\u00a0\u201c2 francos, 40 pesetas\u00a0\u201cy\u00a0\u201c1 franco, 14 pesetas\u201d\u00a0de Carlos Iglesias,\u00a0\u201cAvant l\u00b4oubli\u201c de Agustin Burger, \u00a0\u201cLos lunes al sol\u201d\u00a0de Fernando L. De Aranoa,\u00a0\u201cEl Bola\u201d\u00a0de Achero Ma\u00f1as.\u00a0 Televisi\u00f3n.\u00a0Participa en series como:\u00a0 \u201cDias Mejores\u201d, (Arantxa Echevarr\u00eda) \u201cVestidas de Azul\u201d,\u00a0 (Claudia Costafreda\/ Los\u00a0 Javis) \u201cEl Ministerio del tiempo\u201d, \u201cBrigada Costa del Sol\u201d, \u201cA 45 rpm\u201d, \u201cCu\u00e9ntame\u201d entre otras muchas.  Como\u00a0autora: Ha estrenado en Los Teatros del Canal \u201dFinados y Confinados\u201d. En el Teatro Lara \u201cNi con el p\u00e9talo de una rosa\u201d\u00a0. Ha producido y dirigido\u00a0el documental \u201cPor si te vas te quedas\u201d. Su segundo documental \u201cNormalidad2020\u201d se estrenar\u00e1 en Enero 2024. Tiene varios cuentos escritos, guiones y alguna obra de teatro sin estrenar. En 2003, con la pel\u00edcula;\u00a0\u201cLos lunes al sol\u201d, obtuvo la nominaci\u00f3n a mejor actriz revelaci\u00f3n en los Premios Goya. Fue nominada a los premios Bafta. Ganadora de dos Premios Uni\u00f3n de Actores como actriz secundaria y revelaci\u00f3n.\u00a0Ganadora del Premio Mejor Actriz Secundaria Premios CEC. entre otros. Es una entusiasta del cortometraje tiene unos quince en su cv por los que ha sido reconocida con\u00a0 premios.","og_url":"https:\/\/partenercollective.com\/en\/professionals\/coach\/medina-snow\/","og_site_name":"Partener Collective","article_modified_time":"2025-06-27T14:16:45+00:00","og_image":[{"width":800,"height":800,"url":"https:\/\/partenercollective.com\/wp-content\/uploads\/2024\/04\/foto-nieve.jpg","type":"image\/jpeg"}],"twitter_card":"summary_large_image","twitter_misc":{"Est. reading time":"1 minute"},"schema":{"@context":"https:\/\/schema.org","@graph":[{"@type":"WebPage","@id":"https:\/\/partenercollective.com\/profesionales\/coach\/nieve-de-medina\/","url":"https:\/\/partenercollective.com\/profesionales\/coach\/nieve-de-medina\/","name":"Medina Snow - Partener Collective","isPartOf":{"@id":"https:\/\/partenercollective.com\/#website"},"primaryImageOfPage":{"@id":"https:\/\/partenercollective.com\/profesionales\/coach\/nieve-de-medina\/#primaryimage"},"image":{"@id":"https:\/\/partenercollective.com\/profesionales\/coach\/nieve-de-medina\/#primaryimage"},"thumbnailUrl":"https:\/\/partenercollective.com\/wp-content\/uploads\/2024\/04\/foto-nieve.jpg","datePublished":"2024-05-18T09:54:42+00:00","dateModified":"2025-06-27T14:16:45+00:00","breadcrumb":{"@id":"https:\/\/partenercollective.com\/profesionales\/coach\/nieve-de-medina\/#breadcrumb"},"inLanguage":"en-US","potentialAction":[{"@type":"ReadAction","target":["https:\/\/partenercollective.com\/profesionales\/coach\/nieve-de-medina\/"]}]},{"@type":"ImageObject","inLanguage":"en-US","@id":"https:\/\/partenercollective.com\/profesionales\/coach\/nieve-de-medina\/#primaryimage","url":"https:\/\/partenercollective.com\/wp-content\/uploads\/2024\/04\/foto-nieve.jpg","contentUrl":"https:\/\/partenercollective.com\/wp-content\/uploads\/2024\/04\/foto-nieve.jpg","width":800,"height":800,"caption":"Nieve de Medina"},{"@type":"BreadcrumbList","@id":"https:\/\/partenercollective.com\/profesionales\/coach\/nieve-de-medina\/#breadcrumb","itemListElement":[{"@type":"ListItem","position":1,"name":"Portada","item":"https:\/\/partenercollective.com\/"},{"@type":"ListItem","position":2,"name":"Profesionales","item":"https:\/\/partenercollective.com\/profesionales\/"},{"@type":"ListItem","position":3,"name":"Nieve de Medina"}]},{"@type":"WebSite","@id":"https:\/\/partenercollective.com\/#website","url":"https:\/\/partenercollective.com\/","name":"Partener Collective","description":"Connect with an International Community of Actors and Coaches to take your scenes, characters and self-tapes to the next level.","publisher":{"@id":"https:\/\/partenercollective.com\/#organization"},"alternateName":"Partener Collective","potentialAction":[{"@type":"SearchAction","target":{"@type":"EntryPoint","urlTemplate":"https:\/\/partenercollective.com\/?s={search_term_string}"},"query-input":{"@type":"PropertyValueSpecification","valueRequired":true,"valueName":"search_term_string"}}],"inLanguage":"en-US"},{"@type":"Organization","@id":"https:\/\/partenercollective.com\/#organization","name":"Partener Collective","alternateName":"Partener Collective","url":"https:\/\/partenercollective.com\/","logo":{"@type":"ImageObject","inLanguage":"en-US","@id":"https:\/\/partenercollective.com\/#\/schema\/logo\/image\/","url":"https:\/\/partenercollective.com\/wp-content\/uploads\/2024\/04\/partener-collective-logo.png","contentUrl":"https:\/\/partenercollective.com\/wp-content\/uploads\/2024\/04\/partener-collective-logo.png","width":2156,"height":604,"caption":"Partener Collective"},"image":{"@id":"https:\/\/partenercollective.com\/#\/schema\/logo\/image\/"},"sameAs":["https:\/\/www.instagram.com\/partenercollective\/"]}]}},"_links":{"self":[{"href":"https:\/\/partenercollective.com\/en\/wp-json\/wp\/v2\/product\/622","targetHints":{"allow":["GET"]}}],"collection":[{"href":"https:\/\/partenercollective.com\/en\/wp-json\/wp\/v2\/product"}],"about":[{"href":"https:\/\/partenercollective.com\/en\/wp-json\/wp\/v2\/types\/product"}],"replies":[{"embeddable":true,"href":"https:\/\/partenercollective.com\/en\/wp-json\/wp\/v2\/comments?post=622"}],"wp:featuredmedia":[{"embeddable":true,"href":"https:\/\/partenercollective.com\/en\/wp-json\/wp\/v2\/media\/439"}],"wp:attachment":[{"href":"https:\/\/partenercollective.com\/en\/wp-json\/wp\/v2\/media?parent=622"}],"wp:term":[{"taxonomy":"product_brand","embeddable":true,"href":"https:\/\/partenercollective.com\/en\/wp-json\/wp\/v2\/product_brand?post=622"},{"taxonomy":"product_cat","embeddable":true,"href":"https:\/\/partenercollective.com\/en\/wp-json\/wp\/v2\/product_cat?post=622"},{"taxonomy":"product_tag","embeddable":true,"href":"https:\/\/partenercollective.com\/en\/wp-json\/wp\/v2\/product_tag?post=622"},{"taxonomy":"idioma","embeddable":true,"href":"https:\/\/partenercollective.com\/en\/wp-json\/wp\/v2\/idioma?post=622"}],"curies":[{"name":"wp","href":"https:\/\/api.w.org\/{rel}","templated":true}]}}