{"id":705,"date":"2024-05-01T22:34:15","date_gmt":"2024-05-01T20:34:15","guid":{"rendered":"https:\/\/partenercollective.com\/?post_type=product&#038;p=705"},"modified":"2025-10-22T23:44:27","modified_gmt":"2025-10-22T21:44:27","slug":"roman-mendez-de-hevia-partener","status":"publish","type":"product","link":"https:\/\/partenercollective.com\/en\/profesionales\/partener\/roman-mendez-de-hevia-2\/","title":{"rendered":"Rom\u00e1n M\u00e9ndez de Hevia"},"content":{"rendered":"","protected":false},"excerpt":{"rendered":"<p>Rom\u00e1n M\u00e9ndez de Hevia (Valencia, 1984) graduated in Audiovisual Communication at the UCH CEU in Valencia in 2007 and in 2010 he finished Dramatic Art at the ESAD in Valencia. During her audiovisual studies she started working in the shooting of the film (\"Para que nadie olvide tu nombre\" by Trivisi\u00f3n directed by C\u00e9sar Mart\u00ednez) and TV series (\"Socarrats\" and \"Autoindefinits\" by ContaConta Produccions) as an assistant director. After that, he worked as assistant director for Rafa Montesinos in advertising. In 2006 she took a course of Initiation to Film Directing at the Summer School of the Complutense University of Madrid. He has also worked as assistant director recently in the series Se\u00f1oras del Hampa by Abril Zamora and Carlos del Hoyo and as second assistant director in the short film \"Una amiga\" by Marta Matute (Solita Films).<\/p>\n<p>She has been Paula Amor's assistant in her course \"Jugar el casting\" and coaches actors for tests and shootings, preparing them for the creation of characters, scene work, dramatic arc and racord in the plot of fictions. She is currently working as a children's coach in the series \"La Ruta\" of Caballo Films.<\/p>\n<p>In April 2024 she attended the workshop \"Accompaniment in sensitive situations in filming\" organized by the Spanish Film Academy in which she was trained in child coaching, accompaniment of people with disabilities in filming and dynamics of power and consent in cinema.<\/p>\n<p>As an actor he has developed his career mainly in the theatrical field, mainly in creative theater. In the 2016 Max Awards his company is nominated for Best Newcomer Show for \"Nosotros no nos mataremos con pistolas\" by V\u00edctor S\u00e1nchez. In 2018 he is awarded by the Association of Valencian Actors and Actresses (AAPV) as Best Newcomer Actor for his first play of personal creation, \"Ser\", which was scheduled at the Margarita Xirgu hall of the Teatro Espa\u00f1ol in June 2022. In this play he combines theatrical and cinematographic language.<\/p>\n<p>In the audiovisual field he starred in the feature film \"Cruzando el sentido\" by Iv\u00e1n Fern\u00e1ndez de C\u00f3rdoba and \"Pernocta\" a short film by the same director for which he won the award for Best Performance at the CortoComenius Festival 2012 in Valencia. He has also participated in series such as \"Todo lo otro\" (HBOMAX), \"Se\u00f1oras del Hampa\" (TELE5), \"Servir y proteger\" (TVE1), \"La ruta\" (ATRESPLAYER) and \"Desenterrats\" (APUNT) and in the feature film \"Nosotros no nos mataremos con pistolas\" directed by Mar\u00eda Ripoll.<\/p>","protected":false},"featured_media":444,"comment_status":"closed","ping_status":"closed","template":"","meta":[],"product_brand":[],"product_cat":[38],"product_tag":[],"idioma":[51,43],"class_list":{"0":"post-705","1":"product","2":"type-product","3":"status-publish","4":"has-post-thumbnail","6":"product_cat-partener","7":"yith_shop_vendor-roman","8":"idioma-catalan","9":"idioma-espanol-castellano","11":"first","12":"instock","13":"virtual","14":"sold-individually","15":"taxable","16":"purchasable","17":"product-type-booking"},"yoast_head":"<!-- This site is optimized with the Yoast SEO plugin v27.5 - https:\/\/yoast.com\/product\/yoast-seo-wordpress\/ -->\n<title>Roma\u0301n Me\u0301ndez de Hevia - Partener Collective<\/title>\n<meta name=\"robots\" content=\"index, follow, max-snippet:-1, max-image-preview:large, max-video-preview:-1\" \/>\n<link rel=\"canonical\" href=\"https:\/\/partenercollective.com\/en\/professionals\/partner\/roman-mendez-de-hevia-partener\/\" \/>\n<meta property=\"og:locale\" content=\"en_US\" \/>\n<meta property=\"og:type\" content=\"article\" \/>\n<meta property=\"og:title\" content=\"Roma\u0301n Me\u0301ndez de Hevia - Partener Collective\" \/>\n<meta property=\"og:description\" content=\"Roma\u0301n Me\u0301ndez de Hevia (Valencia, 1984) se licencio\u0301 en Comunicacio\u0301n Audiovisual por la UCH CEU de Valencia en 2007 y en 2010 finaliza Arte Drama\u0301tico en la ESAD de Valencia. Durante sus estudios de audiovisuales ya empieza a trabajar en el rodaje de la peli\u0301cula (\u201cPara que nadie olvide tu nombre\u201d de Trivisio\u0301n dirigida por Ce\u0301sar Marti\u0301nez) y series televisivas (\u201cSocarrats\u201d e \u201cAutoindefinits\u201d de ContaConta Produccions) como auxiliar de direccio\u0301n. A rai\u0301z de esto, trabaja como ayudante de direccio\u0301n de Rafa Montesinos en publicidad. En 2006 hace un curso de Iniciacio\u0301n a la Direccio\u0301n Cinematogra\u0301fica en la Escuela de verano de la Universidad Complutense de Madrid. Tambie\u0301n ha trabajado como auxiliar de direccio\u0301n recientemente en la serie Sen\u0303oras del Hampa de Abril Zamora y Carlos del Hoyo y como segundo ayudante de direcci\u00f3n en el cortometraje \u201cUna amiga\u201d de Marta Matute (Solita Films).  Ha sido ayudante de Paula Amor en su curso &quot;Jugar el casting&quot; y realiza coachings de actores para pruebas y rodajes prepar\u00e1ndoles para la creaci\u00f3n de personajes, el trabajo de escenas, el arco dram\u00e1tico y racord en la trama de las ficciones. Actualmente trabaja de coach de los ni\u00f1os en la serie &quot;La Ruta&quot; de Caballo Films.  En Abril de 2024 cursa el taller de Acompa\u00f1amiento en situaciones sensibles en rodaje organizado por la Academia de Cine Espa\u00f1ola en el que se forma en coaching de ni\u00f1os, acompa\u00f1amiento a personas con discapacidad en rodaje y din\u00e1micas de poder y consentimiento en el cine.  Como actor ha desarrollado su carrera sobre todo en el a\u0301mbito teatral, fundamentalmente en teatro de creacio\u0301n. En los Premios Max de 2016 su compan\u0303i\u0301a es nominada a Mejor Especta\u0301culo Revelacio\u0301n por \u201cNosotros no nos mataremos con pistolas\u201d de Vi\u0301ctor Sa\u0301nchez. En 2018 es premiado por la Asociacio\u0301n de Actrices y Actores Valencianos (AAPV) como Mejor Actor Revelacio\u0301n por su primera obra de creacio\u0301n personal, \u201cSer\u201d, que estuvo programada en la sala Margarita Xirgu del Teatro Espan\u0303ol en junio de 2022. En esta obra combina el lenguaje teatral con el cinematogra\u0301fico.  En el a\u0301mbito audiovisual protagonizo\u0301 el largometraje \u201cCruzando el sentido\u201d de Iva\u0301n Ferna\u0301ndez de Co\u0301rdoba y \u201cPernocta\u201d un cortometraje del mismo director por el que gano\u0301 el premio de Mejor Interpretacio\u0301n en el Festival CortoComenius 2012 de Valencia. Tambie\u0301n ha participado en series como \u201cTodo lo otro\u201d (HBOMAX), \u201cSen\u0303oras del Hampa\u201d (TELE5), \u201cServir y proteger\u201d (TVE1), \u201cLa ruta\u201d (ATRESPLAYER) y \u201cDesenterrats\u201d (APUNT) y en el largometraje \u201cNosotros no nos mataremos con pistolas\u201d dirigido por Mari\u0301a Ripoll.\" \/>\n<meta property=\"og:url\" content=\"https:\/\/partenercollective.com\/en\/professionals\/partner\/roman-mendez-de-hevia-partener\/\" \/>\n<meta property=\"og:site_name\" content=\"Partener Collective\" \/>\n<meta property=\"article:modified_time\" content=\"2025-10-22T21:44:27+00:00\" \/>\n<meta property=\"og:image\" content=\"https:\/\/partenercollective.com\/wp-content\/uploads\/2024\/04\/foto-roman.jpg\" \/>\n\t<meta property=\"og:image:width\" content=\"800\" \/>\n\t<meta property=\"og:image:height\" content=\"800\" \/>\n\t<meta property=\"og:image:type\" content=\"image\/jpeg\" \/>\n<meta name=\"twitter:card\" content=\"summary_large_image\" \/>\n<meta name=\"twitter:label1\" content=\"Est. reading time\" \/>\n\t<meta name=\"twitter:data1\" content=\"1 minute\" \/>\n<script type=\"application\/ld+json\" class=\"yoast-schema-graph\">{\"@context\":\"https:\\\/\\\/schema.org\",\"@graph\":[{\"@type\":\"WebPage\",\"@id\":\"https:\\\/\\\/partenercollective.com\\\/profesionales\\\/partener\\\/roman-mendez-de-hevia-2\\\/\",\"url\":\"https:\\\/\\\/partenercollective.com\\\/profesionales\\\/partener\\\/roman-mendez-de-hevia-2\\\/\",\"name\":\"Roma\u0301n Me\u0301ndez de Hevia - Partener Collective\",\"isPartOf\":{\"@id\":\"https:\\\/\\\/partenercollective.com\\\/#website\"},\"primaryImageOfPage\":{\"@id\":\"https:\\\/\\\/partenercollective.com\\\/profesionales\\\/partener\\\/roman-mendez-de-hevia-2\\\/#primaryimage\"},\"image\":{\"@id\":\"https:\\\/\\\/partenercollective.com\\\/profesionales\\\/partener\\\/roman-mendez-de-hevia-2\\\/#primaryimage\"},\"thumbnailUrl\":\"https:\\\/\\\/partenercollective.com\\\/wp-content\\\/uploads\\\/2024\\\/04\\\/foto-roman.jpg\",\"datePublished\":\"2024-05-01T20:34:15+00:00\",\"dateModified\":\"2025-10-22T21:44:27+00:00\",\"breadcrumb\":{\"@id\":\"https:\\\/\\\/partenercollective.com\\\/profesionales\\\/partener\\\/roman-mendez-de-hevia-2\\\/#breadcrumb\"},\"inLanguage\":\"en-US\",\"potentialAction\":[{\"@type\":\"ReadAction\",\"target\":[\"https:\\\/\\\/partenercollective.com\\\/profesionales\\\/partener\\\/roman-mendez-de-hevia-2\\\/\"]}]},{\"@type\":\"ImageObject\",\"inLanguage\":\"en-US\",\"@id\":\"https:\\\/\\\/partenercollective.com\\\/profesionales\\\/partener\\\/roman-mendez-de-hevia-2\\\/#primaryimage\",\"url\":\"https:\\\/\\\/partenercollective.com\\\/wp-content\\\/uploads\\\/2024\\\/04\\\/foto-roman.jpg\",\"contentUrl\":\"https:\\\/\\\/partenercollective.com\\\/wp-content\\\/uploads\\\/2024\\\/04\\\/foto-roman.jpg\",\"width\":800,\"height\":800},{\"@type\":\"BreadcrumbList\",\"@id\":\"https:\\\/\\\/partenercollective.com\\\/profesionales\\\/partener\\\/roman-mendez-de-hevia-2\\\/#breadcrumb\",\"itemListElement\":[{\"@type\":\"ListItem\",\"position\":1,\"name\":\"Portada\",\"item\":\"https:\\\/\\\/partenercollective.com\\\/\"},{\"@type\":\"ListItem\",\"position\":2,\"name\":\"Profesionales\",\"item\":\"https:\\\/\\\/partenercollective.com\\\/profesionales\\\/\"},{\"@type\":\"ListItem\",\"position\":3,\"name\":\"Roma\u0301n Me\u0301ndez de Hevia\"}]},{\"@type\":\"WebSite\",\"@id\":\"https:\\\/\\\/partenercollective.com\\\/#website\",\"url\":\"https:\\\/\\\/partenercollective.com\\\/\",\"name\":\"Partener Collective\",\"description\":\"Conecta con una Comunidad Internacional de Actores y Coach para llevar tus escenas, personajes y self-tapes al siguiente nivel.\",\"publisher\":{\"@id\":\"https:\\\/\\\/partenercollective.com\\\/#organization\"},\"alternateName\":\"Partener Collective\",\"potentialAction\":[{\"@type\":\"SearchAction\",\"target\":{\"@type\":\"EntryPoint\",\"urlTemplate\":\"https:\\\/\\\/partenercollective.com\\\/?s={search_term_string}\"},\"query-input\":{\"@type\":\"PropertyValueSpecification\",\"valueRequired\":true,\"valueName\":\"search_term_string\"}}],\"inLanguage\":\"en-US\"},{\"@type\":\"Organization\",\"@id\":\"https:\\\/\\\/partenercollective.com\\\/#organization\",\"name\":\"Partener Collective\",\"alternateName\":\"Partener Collective\",\"url\":\"https:\\\/\\\/partenercollective.com\\\/\",\"logo\":{\"@type\":\"ImageObject\",\"inLanguage\":\"en-US\",\"@id\":\"https:\\\/\\\/partenercollective.com\\\/#\\\/schema\\\/logo\\\/image\\\/\",\"url\":\"https:\\\/\\\/partenercollective.com\\\/wp-content\\\/uploads\\\/2024\\\/04\\\/partener-collective-logo.png\",\"contentUrl\":\"https:\\\/\\\/partenercollective.com\\\/wp-content\\\/uploads\\\/2024\\\/04\\\/partener-collective-logo.png\",\"width\":2156,\"height\":604,\"caption\":\"Partener Collective\"},\"image\":{\"@id\":\"https:\\\/\\\/partenercollective.com\\\/#\\\/schema\\\/logo\\\/image\\\/\"},\"sameAs\":[\"https:\\\/\\\/www.instagram.com\\\/partenercollective\\\/\"]}]}<\/script>\n<!-- \/ Yoast SEO plugin. -->","yoast_head_json":{"title":"Rom\u00e1n M\u00e9ndez de Hevia - Partener Collective","robots":{"index":"index","follow":"follow","max-snippet":"max-snippet:-1","max-image-preview":"max-image-preview:large","max-video-preview":"max-video-preview:-1"},"canonical":"https:\/\/partenercollective.com\/en\/professionals\/partner\/roman-mendez-de-hevia-partener\/","og_locale":"en_US","og_type":"article","og_title":"Roma\u0301n Me\u0301ndez de Hevia - Partener Collective","og_description":"Roma\u0301n Me\u0301ndez de Hevia (Valencia, 1984) se licencio\u0301 en Comunicacio\u0301n Audiovisual por la UCH CEU de Valencia en 2007 y en 2010 finaliza Arte Drama\u0301tico en la ESAD de Valencia. Durante sus estudios de audiovisuales ya empieza a trabajar en el rodaje de la peli\u0301cula (\u201cPara que nadie olvide tu nombre\u201d de Trivisio\u0301n dirigida por Ce\u0301sar Marti\u0301nez) y series televisivas (\u201cSocarrats\u201d e \u201cAutoindefinits\u201d de ContaConta Produccions) como auxiliar de direccio\u0301n. A rai\u0301z de esto, trabaja como ayudante de direccio\u0301n de Rafa Montesinos en publicidad. En 2006 hace un curso de Iniciacio\u0301n a la Direccio\u0301n Cinematogra\u0301fica en la Escuela de verano de la Universidad Complutense de Madrid. Tambie\u0301n ha trabajado como auxiliar de direccio\u0301n recientemente en la serie Sen\u0303oras del Hampa de Abril Zamora y Carlos del Hoyo y como segundo ayudante de direcci\u00f3n en el cortometraje \u201cUna amiga\u201d de Marta Matute (Solita Films).  Ha sido ayudante de Paula Amor en su curso \"Jugar el casting\" y realiza coachings de actores para pruebas y rodajes prepar\u00e1ndoles para la creaci\u00f3n de personajes, el trabajo de escenas, el arco dram\u00e1tico y racord en la trama de las ficciones. Actualmente trabaja de coach de los ni\u00f1os en la serie \"La Ruta\" de Caballo Films.  En Abril de 2024 cursa el taller de Acompa\u00f1amiento en situaciones sensibles en rodaje organizado por la Academia de Cine Espa\u00f1ola en el que se forma en coaching de ni\u00f1os, acompa\u00f1amiento a personas con discapacidad en rodaje y din\u00e1micas de poder y consentimiento en el cine.  Como actor ha desarrollado su carrera sobre todo en el a\u0301mbito teatral, fundamentalmente en teatro de creacio\u0301n. En los Premios Max de 2016 su compan\u0303i\u0301a es nominada a Mejor Especta\u0301culo Revelacio\u0301n por \u201cNosotros no nos mataremos con pistolas\u201d de Vi\u0301ctor Sa\u0301nchez. En 2018 es premiado por la Asociacio\u0301n de Actrices y Actores Valencianos (AAPV) como Mejor Actor Revelacio\u0301n por su primera obra de creacio\u0301n personal, \u201cSer\u201d, que estuvo programada en la sala Margarita Xirgu del Teatro Espan\u0303ol en junio de 2022. En esta obra combina el lenguaje teatral con el cinematogra\u0301fico.  En el a\u0301mbito audiovisual protagonizo\u0301 el largometraje \u201cCruzando el sentido\u201d de Iva\u0301n Ferna\u0301ndez de Co\u0301rdoba y \u201cPernocta\u201d un cortometraje del mismo director por el que gano\u0301 el premio de Mejor Interpretacio\u0301n en el Festival CortoComenius 2012 de Valencia. Tambie\u0301n ha participado en series como \u201cTodo lo otro\u201d (HBOMAX), \u201cSen\u0303oras del Hampa\u201d (TELE5), \u201cServir y proteger\u201d (TVE1), \u201cLa ruta\u201d (ATRESPLAYER) y \u201cDesenterrats\u201d (APUNT) y en el largometraje \u201cNosotros no nos mataremos con pistolas\u201d dirigido por Mari\u0301a Ripoll.","og_url":"https:\/\/partenercollective.com\/en\/professionals\/partner\/roman-mendez-de-hevia-partener\/","og_site_name":"Partener Collective","article_modified_time":"2025-10-22T21:44:27+00:00","og_image":[{"width":800,"height":800,"url":"https:\/\/partenercollective.com\/wp-content\/uploads\/2024\/04\/foto-roman.jpg","type":"image\/jpeg"}],"twitter_card":"summary_large_image","twitter_misc":{"Est. reading time":"1 minute"},"schema":{"@context":"https:\/\/schema.org","@graph":[{"@type":"WebPage","@id":"https:\/\/partenercollective.com\/profesionales\/partener\/roman-mendez-de-hevia-2\/","url":"https:\/\/partenercollective.com\/profesionales\/partener\/roman-mendez-de-hevia-2\/","name":"Rom\u00e1n M\u00e9ndez de Hevia - Partener Collective","isPartOf":{"@id":"https:\/\/partenercollective.com\/#website"},"primaryImageOfPage":{"@id":"https:\/\/partenercollective.com\/profesionales\/partener\/roman-mendez-de-hevia-2\/#primaryimage"},"image":{"@id":"https:\/\/partenercollective.com\/profesionales\/partener\/roman-mendez-de-hevia-2\/#primaryimage"},"thumbnailUrl":"https:\/\/partenercollective.com\/wp-content\/uploads\/2024\/04\/foto-roman.jpg","datePublished":"2024-05-01T20:34:15+00:00","dateModified":"2025-10-22T21:44:27+00:00","breadcrumb":{"@id":"https:\/\/partenercollective.com\/profesionales\/partener\/roman-mendez-de-hevia-2\/#breadcrumb"},"inLanguage":"en-US","potentialAction":[{"@type":"ReadAction","target":["https:\/\/partenercollective.com\/profesionales\/partener\/roman-mendez-de-hevia-2\/"]}]},{"@type":"ImageObject","inLanguage":"en-US","@id":"https:\/\/partenercollective.com\/profesionales\/partener\/roman-mendez-de-hevia-2\/#primaryimage","url":"https:\/\/partenercollective.com\/wp-content\/uploads\/2024\/04\/foto-roman.jpg","contentUrl":"https:\/\/partenercollective.com\/wp-content\/uploads\/2024\/04\/foto-roman.jpg","width":800,"height":800},{"@type":"BreadcrumbList","@id":"https:\/\/partenercollective.com\/profesionales\/partener\/roman-mendez-de-hevia-2\/#breadcrumb","itemListElement":[{"@type":"ListItem","position":1,"name":"Portada","item":"https:\/\/partenercollective.com\/"},{"@type":"ListItem","position":2,"name":"Profesionales","item":"https:\/\/partenercollective.com\/profesionales\/"},{"@type":"ListItem","position":3,"name":"Roma\u0301n Me\u0301ndez de Hevia"}]},{"@type":"WebSite","@id":"https:\/\/partenercollective.com\/#website","url":"https:\/\/partenercollective.com\/","name":"Partener Collective","description":"Connect with an International Community of Actors and Coaches to take your scenes, characters and self-tapes to the next level.","publisher":{"@id":"https:\/\/partenercollective.com\/#organization"},"alternateName":"Partener Collective","potentialAction":[{"@type":"SearchAction","target":{"@type":"EntryPoint","urlTemplate":"https:\/\/partenercollective.com\/?s={search_term_string}"},"query-input":{"@type":"PropertyValueSpecification","valueRequired":true,"valueName":"search_term_string"}}],"inLanguage":"en-US"},{"@type":"Organization","@id":"https:\/\/partenercollective.com\/#organization","name":"Partener Collective","alternateName":"Partener Collective","url":"https:\/\/partenercollective.com\/","logo":{"@type":"ImageObject","inLanguage":"en-US","@id":"https:\/\/partenercollective.com\/#\/schema\/logo\/image\/","url":"https:\/\/partenercollective.com\/wp-content\/uploads\/2024\/04\/partener-collective-logo.png","contentUrl":"https:\/\/partenercollective.com\/wp-content\/uploads\/2024\/04\/partener-collective-logo.png","width":2156,"height":604,"caption":"Partener Collective"},"image":{"@id":"https:\/\/partenercollective.com\/#\/schema\/logo\/image\/"},"sameAs":["https:\/\/www.instagram.com\/partenercollective\/"]}]}},"_links":{"self":[{"href":"https:\/\/partenercollective.com\/en\/wp-json\/wp\/v2\/product\/705","targetHints":{"allow":["GET"]}}],"collection":[{"href":"https:\/\/partenercollective.com\/en\/wp-json\/wp\/v2\/product"}],"about":[{"href":"https:\/\/partenercollective.com\/en\/wp-json\/wp\/v2\/types\/product"}],"replies":[{"embeddable":true,"href":"https:\/\/partenercollective.com\/en\/wp-json\/wp\/v2\/comments?post=705"}],"wp:featuredmedia":[{"embeddable":true,"href":"https:\/\/partenercollective.com\/en\/wp-json\/wp\/v2\/media\/444"}],"wp:attachment":[{"href":"https:\/\/partenercollective.com\/en\/wp-json\/wp\/v2\/media?parent=705"}],"wp:term":[{"taxonomy":"product_brand","embeddable":true,"href":"https:\/\/partenercollective.com\/en\/wp-json\/wp\/v2\/product_brand?post=705"},{"taxonomy":"product_cat","embeddable":true,"href":"https:\/\/partenercollective.com\/en\/wp-json\/wp\/v2\/product_cat?post=705"},{"taxonomy":"product_tag","embeddable":true,"href":"https:\/\/partenercollective.com\/en\/wp-json\/wp\/v2\/product_tag?post=705"},{"taxonomy":"idioma","embeddable":true,"href":"https:\/\/partenercollective.com\/en\/wp-json\/wp\/v2\/idioma?post=705"}],"curies":[{"name":"wp","href":"https:\/\/api.w.org\/{rel}","templated":true}]}}